{"id":4597,"date":"2017-02-23T11:30:03","date_gmt":"2017-02-23T10:30:03","guid":{"rendered":"http:\/\/www.ecolestjosephviriat.fr\/?page_id=4597"},"modified":"2021-07-12T15:05:00","modified_gmt":"2021-07-12T13:05:00","slug":"nos-associations","status":"publish","type":"page","link":"http:\/\/www.ecolestjosephviriat.fr\/?page_id=4597","title":{"rendered":"Nos Associations"},"content":{"rendered":"<p>[vc_row id_section=&#8221;APEL&#8221; text_color=&#8221;#000000&#8243; text_align=&#8221;text-left&#8221; css=&#8221;.vc_custom_1489943755643{padding-top: 72px !important;padding-bottom: 63px !important;background-position: center !important;background-repeat: no-repeat !important;background-size: cover !important;}&#8221; el_class=&#8221;jws_service_page&#8221;][vc_column]\t\t\t<div class=\"jws-title\">\n                <h1 class=\"    jws-title-underline jws-title-underline-1\" style=\"color: #222222\">\n                    APEL                <\/h1>\n\t\t\t\t<div class=\"icon-color icon-colorffca00 \"><i class=\"fa fa-comments\" style=\"color:#ffca00\"><\/i><\/div>\n\t\t\t\t\t\t\t<\/div>\n\t\t\t<style>.icon-colorffca00:before,.icon-colorffca00:after{border-color:#ffca00!important;}<\/style>[vc_empty_space height=&#8221;30px&#8221;][vc_row_inner][vc_column_inner el_class=&#8221;service_item_1&#8243;][vc_column_text]<\/p>\n<p style=\"text-align: justify;\">L&#8217;APEL (Association des Parents d&#8217;\u00c9l\u00e8ves de l&#8217;enseignement Libre) de l&#8217;\u00e9cole St Joseph est compos\u00e9e de 18 parents d&#8217;\u00e9l\u00e8ves b\u00e9n\u00e9voles.<\/p>\n<p style=\"text-align: justify;\">Son r\u00f4le est d&#8217;accueillir, informer et repr\u00e9senter tous les parents. Au service des familles, elle veille \u00e0 une bonne communication entre celles-ci et le corps enseignant.<\/p>\n<p style=\"text-align: justify;\">Les manifestations qu&#8217;elle organise tout au long de l&#8217;ann\u00e9e, permettent de financer l&#8217;achat de mat\u00e9riel \u00e0 destination directe des enfants (outils p\u00e9dagogiques, jeux, mat\u00e9riel&#8230;) ou bien des projets particuliers (sorties, interventions diverses, spectacles etc)<\/p>\n<p style=\"text-align: justify;\">L&#8217;APEL et l&#8217;OGEC travaillent en collaboration afin de permettre aux enfants de grandir ensemble et de s&#8217;\u00e9panouir dans un cadre agr\u00e9able et spacieux.<\/p>\n<p style=\"text-align: justify;\">Nicolas Monnot &#8211; Pr\u00e9sident d&#8217;Apel &#8211;\u00a0apel@ecolestjosephviriat.fr<\/p>\n<p>[\/vc_column_text][\/vc_column_inner][\/vc_row_inner][\/vc_column][\/vc_row][vc_row id_section=&#8221;OGEC&#8221; css=&#8221;.vc_custom_1489944073421{margin-top: -5px !important;margin-bottom: -5px !important;background-image: url(http:\/\/www.ecolestjosephviriat.fr\/wp-content\/uploads\/2015\/09\/border-top-2.png?id=2863) !important;}&#8221; el_class=&#8221;jws-border-custom&#8221;][vc_column][vc_empty_space height=&#8221;5px&#8221;][\/vc_column][\/vc_row][vc_row css=&#8221;.vc_custom_1489944081816{margin-top: -5px !important;margin-bottom: -5px !important;background-image: url(http:\/\/www.ecolestjosephviriat.fr\/wp-content\/uploads\/2015\/09\/border-top.png?id=2831) !important;}&#8221; el_class=&#8221;jws-border-custom&#8221;][vc_column][vc_empty_space height=&#8221;5px&#8221;][\/vc_column][\/vc_row][vc_row text_color=&#8221;#000000&#8243; css=&#8221;.vc_custom_1489943985337{padding-top: 72px !important;padding-bottom: 63px !important;background-color: #59b3b8 !important;background-position: center !important;background-repeat: no-repeat !important;background-size: cover !important;}&#8221; el_class=&#8221;bg_pos_top&#8221;][vc_column]\t\t\t<div class=\"jws-title\">\n                <h1 class=\"    jws-title-underline jws-title-underline-1\" style=\"color: #222222\">\n                    OGEC                <\/h1>\n\t\t\t\t<div class=\"icon-color icon-colorffca00 \"><i class=\"fa fa-comments-o\" style=\"color:#ffca00\"><\/i><\/div>\n\t\t\t\t\t\t\t<\/div>\n\t\t\t<style>.icon-colorffca00:before,.icon-colorffca00:after{border-color:#ffca00!important;}<\/style>[vc_empty_space height=&#8221;30px&#8221;][vc_row_inner][vc_column_inner el_class=&#8221;service_item_1&#8243;][vc_column_text]<\/p>\n<p style=\"text-align: justify;\">L\u2019OGEC, Organisme de Gestion des Ecoles Catholiques est une association loi 1901.<\/p>\n<p style=\"text-align: justify;\">Il regroupe des personnes b\u00e9n\u00e9voles : parents d\u2019\u00e9l\u00e8ves, anciens parents d\u2019\u00e9l\u00e8ves ou tout autre volontaire.<\/p>\n<p style=\"text-align: justify;\">L\u2019Ogec assure la personnalit\u00e9 juridique et morale de l\u2019\u00e9tablissement.<\/p>\n<p style=\"text-align: justify;\">Chaque \u00e9tablissement compose une communaut\u00e9 \u00e9ducative, plac\u00e9e sous la responsabilit\u00e9 du Chef d\u2019Etablissement. L\u2019OGEC, est membre \u00e0 part enti\u00e8re de cette communaut\u00e9 \u00e9ducative.<\/p>\n<p style=\"text-align: justify;\">Le Conseil d\u2019Administration de l\u2019OGEC se r\u00e9unit plusieurs fois par an. Il est constitu\u00e9 :<\/p>\n<ul>\n<li>de personnes \u00e9lues (pr\u00e9sident, vice-pr\u00e9sident, tr\u00e9sorier, tr\u00e9sorier adjoint, secr\u00e9taire, secr\u00e9taire adjoint)<\/li>\n<li>de membres<\/li>\n<li>de membres de droit des instances de l\u2019Enseignement Catholique (le directeur dioc\u00e9sain, le pr\u00e9sident de l\u2019UDOGEC, la pr\u00e9sidente de l\u2019APEL, le chef d\u2019\u00e9tablissement).<\/li>\n<\/ul>\n<p><b><u>L\u2019Ogec assure :<\/u><\/b><\/p>\n<ul>\n<li>la gestion \u00e9conomique et financi\u00e8re de l\u2019\u00e9tablissement<\/li>\n<li>l\u2019entretien du patrimoine mobilier et immobilier<\/li>\n<li>la fonction d\u2019employeur des personnels non enseignants (ASEM, personnel de surveillance du temps m\u00e9ridien et de l\u2019entretien)<\/li>\n<li>la repr\u00e9sentation de tous les parents aupr\u00e8s des instances : d\u00e9partementale (UDOGEC), r\u00e9gionale (UROGEC), nationale (FNOGEC).<\/li>\n<\/ul>\n<p>L\u2019OGEC fonctionne \u00e9galement en lien \u00e9troit avec l\u2019APEL (Association des Parents d\u2019\u00e9l\u00e8ves de l\u2019Enseignement Libre).<\/p>\n<p><b>Le mot du pr\u00e9sident :<\/b><\/p>\n<p><b><em>\u00ab La plus belle des r\u00e9compenses : le sourire des enfants dans leur \u00e9cole. \u00bb<\/em><\/b><\/p>\n<p><em>Bien que cet engagement demande du temps, les b\u00e9n\u00e9voles de l\u2019Ogec aiment s\u2019investir dans l\u2019\u00e9tablissement. S\u2019impliquer dans l\u2019OGEC fait changer l\u2019image que l\u2019on se fait de l\u2019\u00e9cole. On vit de l\u2019int\u00e9rieur son fonctionnement p\u00e9dagogique, financier, ses projets.<\/em><\/p>\n<p><em>Nos enfants ont besoin de l\u2019\u00e9cole et l\u2019\u00e9cole a besoin de nous : <b>elle ne peut pas fonctionner sans OGEC.<\/b><\/em><\/p>\n<p><em>Ainsi, au nom de tous les membres de l\u2019Ogec, j\u2019invite toutes les personnes int\u00e9ress\u00e9es \u00e0 se faire conna\u00eetre et \u00e0 venir nous rejoindre dans cette aventure enrichissante et conviviale pour le bien des enfants.<\/em><\/p>\n<p>Didier Perdrix &#8211; Pr\u00e9sident d\u2019Ogec &#8211;\u00a0ogec@ecolestjosephviriat.fr[\/vc_column_text][\/vc_column_inner][\/vc_row_inner][\/vc_column][\/vc_row][vc_row css=&#8221;.vc_custom_1485551084820{background-color: #59b3b8 !important;}&#8221;][vc_column][vc_empty_space height=&#8221;15px&#8221;][\/vc_column][\/vc_row][vc_row id_section=&#8221;AAE&#8221; css=&#8221;.vc_custom_1489943995415{margin-top: -5px !important;margin-bottom: -5px !important;background-image: url(http:\/\/www.ecolestjosephviriat.fr\/wp-content\/uploads\/2015\/09\/border-top-2.png?id=2863) !important;}&#8221; el_class=&#8221;jws-border-custom&#8221;][vc_column][vc_empty_space height=&#8221;5px&#8221;][\/vc_column][\/vc_row][vc_row css=&#8221;.vc_custom_1489944004340{padding-top: 72px !important;padding-bottom: 63px !important;background-position: center !important;background-repeat: no-repeat !important;background-size: cover !important;}&#8221; el_class=&#8221;jws_service_page&#8221;][vc_column]\t\t\t<div class=\"jws-title\">\n                <h1 class=\"    jws-title-underline jws-title-underline-1\" style=\"color: #222222\">\n                    Amicale des anciens \u00e9l\u00e8ves                <\/h1>\n\t\t\t\t<div class=\"icon-color icon-colorffca00 \"><i class=\"fa fa-user-plus\" style=\"color:#ffca00\"><\/i><\/div>\n\t\t\t\t\t\t\t<\/div>\n\t\t\t<style>.icon-colorffca00:before,.icon-colorffca00:after{border-color:#ffca00!important;}<\/style>[vc_empty_space height=&#8221;30px&#8221;][vc_row_inner][vc_column_inner el_class=&#8221;service_item_1&#8243;][vc_column_text]<\/p>\n<p style=\"text-align: justify;\">Compos\u00e9e d\u2019anciens \u00e9l\u00e8ves de l\u2019\u00e9cole St Joseph, cette association d\u00e9montre l\u2019importance accord\u00e9e aux liens interg\u00e9n\u00e9rationnels dans notre \u00e9tablissement.<\/p>\n<p style=\"text-align: justify;\">Concr\u00e8tement, l\u2019Amicale des anciens \u00e9l\u00e8ves soutient l\u2019\u00e9quipe p\u00e9dagogique dans les projets li\u00e9s au caract\u00e8re propre. Ainsi, l\u2019association apporte chaque ann\u00e9e son aide humaine et\/ou financi\u00e8re \u00e0 l\u2019organisation de la St Joseph.<\/p>\n<p style=\"text-align: justify;\">De plus, l\u2019Amicale des anciens organise tous les ans au mois de janvier une rencontre entre les \u00e9l\u00e8ves de CM2 et les \u00e9l\u00e8ves partis en 6\u00e8me. Ce temps convivial qui se termine avec le partage de la\u00a0 galette des rois est un moment important pour les \u00e9l\u00e8ves de CM2. Ces derniers peuvent poser toutes les questions qui les pr\u00e9occupent \u00e0 leurs camarades 6<sup>\u00e8mes<\/sup> afin de mieux comprendre les changements qui les attendent au coll\u00e8ge.<\/p>\n<p style=\"text-align: justify;\">L\u2019assembl\u00e9e g\u00e9n\u00e9rale de l\u2019Amicale a lieu chaque ann\u00e9e au mois de mars. Si vous souhaitez davantage de renseignements, merci de contacter Mme Jo\u00eblle Brevet \u00e0 l\u2019adresse suivante\u00a0: brevet.jacques@wanadoo.fr<\/p>\n<p style=\"text-align: justify;\">Florent Buatier &#8211; Pr\u00e9sident de l\u2019Amicale des anciens \u00e9l\u00e8ves de l\u2019\u00e9cole St Joseph de Viriat<\/p>\n<p>[\/vc_column_text][\/vc_column_inner][\/vc_row_inner][\/vc_column][\/vc_row]<\/p>\n","protected":false},"excerpt":{"rendered":"<p>[vc_row id_section=&#8221;APEL&#8221; text_color=&#8221;#000000&#8243; text_align=&#8221;text-left&#8221; css=&#8221;.vc_custom_1489943755643{padding-top: 72px !important;padding-bottom: 63px !important;background-position: center !important;background-repeat: no-repeat !important;background-size: cover !important;}&#8221; el_class=&#8221;jws_service_page&#8221;][vc_column][vc_empty_space height=&#8221;30px&#8221;][vc_row_inner][vc_column_inner el_class=&#8221;service_item_1&#8243;][vc_column_text] L&#8217;APEL (Association des Parents d&#8217;\u00c9l\u00e8ves de l&#8217;enseignement Libre) de l&#8217;\u00e9cole St Joseph est compos\u00e9e de 18 parents d&#8217;\u00e9l\u00e8ves b\u00e9n\u00e9voles. Son r\u00f4le est d&#8217;accueillir, informer et repr\u00e9senter tous les parents. Au service des familles, elle veille \u00e0 une [&hellip;]<\/p>\n","protected":false},"author":1,"featured_media":0,"parent":0,"menu_order":0,"comment_status":"closed","ping_status":"closed","template":"","meta":{"footnotes":""},"_links":{"self":[{"href":"http:\/\/www.ecolestjosephviriat.fr\/index.php?rest_route=\/wp\/v2\/pages\/4597"}],"collection":[{"href":"http:\/\/www.ecolestjosephviriat.fr\/index.php?rest_route=\/wp\/v2\/pages"}],"about":[{"href":"http:\/\/www.ecolestjosephviriat.fr\/index.php?rest_route=\/wp\/v2\/types\/page"}],"author":[{"embeddable":true,"href":"http:\/\/www.ecolestjosephviriat.fr\/index.php?rest_route=\/wp\/v2\/users\/1"}],"replies":[{"embeddable":true,"href":"http:\/\/www.ecolestjosephviriat.fr\/index.php?rest_route=%2Fwp%2Fv2%2Fcomments&post=4597"}],"version-history":[{"count":17,"href":"http:\/\/www.ecolestjosephviriat.fr\/index.php?rest_route=\/wp\/v2\/pages\/4597\/revisions"}],"predecessor-version":[{"id":5746,"href":"http:\/\/www.ecolestjosephviriat.fr\/index.php?rest_route=\/wp\/v2\/pages\/4597\/revisions\/5746"}],"wp:attachment":[{"href":"http:\/\/www.ecolestjosephviriat.fr\/index.php?rest_route=%2Fwp%2Fv2%2Fmedia&parent=4597"}],"curies":[{"name":"wp","href":"https:\/\/api.w.org\/{rel}","templated":true}]}}